{"version":"1.0","provider_name":"L\u00edngua Francesa","provider_url":"https:\/\/www.linguafrancesa.com\/lf","author_name":"valmkos@yahoo.fr","author_url":"https:\/\/www.linguafrancesa.com\/lf\/author\/valmkosyahoo-fr\/","title":"Expression pour exprimer la col\u00e8re et irritation ou contrari\u00e9t\u00e9 - L\u00edngua Francesa","type":"rich","width":600,"height":338,"html":"<blockquote class=\"wp-embedded-content\" data-secret=\"jpAQLC1QQU\"><a href=\"https:\/\/www.linguafrancesa.com\/lf\/expression-pour-exprimer-la-colere\/\">Expression pour exprimer la col\u00e8re et irritation ou contrari\u00e9t\u00e9<\/a><\/blockquote><iframe sandbox=\"allow-scripts\" security=\"restricted\" src=\"https:\/\/www.linguafrancesa.com\/lf\/expression-pour-exprimer-la-colere\/embed\/#?secret=jpAQLC1QQU\" width=\"600\" height=\"338\" title=\"&#8220;Expression pour exprimer la col\u00e8re et irritation ou contrari\u00e9t\u00e9&#8221; &#8212; L\u00edngua Francesa\" data-secret=\"jpAQLC1QQU\" frameborder=\"0\" marginwidth=\"0\" marginheight=\"0\" scrolling=\"no\" class=\"wp-embedded-content\"><\/iframe><script>\n\/*! This file is auto-generated *\/\n!function(d,l){\"use strict\";l.querySelector&&d.addEventListener&&\"undefined\"!=typeof URL&&(d.wp=d.wp||{},d.wp.receiveEmbedMessage||(d.wp.receiveEmbedMessage=function(e){var t=e.data;if((t||t.secret||t.message||t.value)&&!\/[^a-zA-Z0-9]\/.test(t.secret)){for(var s,r,n,a=l.querySelectorAll('iframe[data-secret=\"'+t.secret+'\"]'),o=l.querySelectorAll('blockquote[data-secret=\"'+t.secret+'\"]'),c=new RegExp(\"^https?:$\",\"i\"),i=0;i<o.length;i++)o[i].style.display=\"none\";for(i=0;i<a.length;i++)s=a[i],e.source===s.contentWindow&&(s.removeAttribute(\"style\"),\"height\"===t.message?(1e3<(r=parseInt(t.value,10))?r=1e3:~~r<200&&(r=200),s.height=r):\"link\"===t.message&&(r=new URL(s.getAttribute(\"src\")),n=new URL(t.value),c.test(n.protocol))&&n.host===r.host&&l.activeElement===s&&(d.top.location.href=t.value))}},d.addEventListener(\"message\",d.wp.receiveEmbedMessage,!1),l.addEventListener(\"DOMContentLoaded\",function(){for(var e,t,s=l.querySelectorAll(\"iframe.wp-embedded-content\"),r=0;r<s.length;r++)(t=(e=s[r]).getAttribute(\"data-secret\"))||(t=Math.random().toString(36).substring(2,12),e.src+=\"#?secret=\"+t,e.setAttribute(\"data-secret\",t)),e.contentWindow.postMessage({message:\"ready\",secret:t},\"*\")},!1)))}(window,document);\n\/\/# sourceURL=https:\/\/www.linguafrancesa.com\/lf\/wp-includes\/js\/wp-embed.min.js\n<\/script>\n","thumbnail_url":null,"thumbnail_width":null,"thumbnail_height":null,"description":"Em franc\u00eas, n\u00f3s usamos frequentemente express\u00e3o lingu\u00edsticas para expressar sentimentos, emo\u00e7\u00f5es ou situa\u00e7\u00f5es. Por exemplo J&#8217;ai la boule, mon fr\u00e8re a perdu mon livre pr\u00e9f\u00e9r\u00e9 (estou com raiva, meu irm\u00e3o perdeu meu livro preferido) En fran\u00e7ais, nous utilisons couramment des expressions pour exprimer des sentiments, des \u00e9motions ou des situations. Par exemple ; &#8211; j&#8217;ai [&hellip;]"}